{"id":592715,"date":"2026-08-19T13:17:01","date_gmt":"2026-08-19T11:17:01","guid":{"rendered":"https:\/\/highxtar.com\/?post_type=weekends&#038;p=592715"},"modified":"2026-09-03T12:42:18","modified_gmt":"2026-09-03T10:42:18","slug":"casablanca-desembarca-en-ibiza-la-pop-up-de-moda-mas-house-del-verano","status":"publish","type":"weekends","link":"https:\/\/highxtar.com\/pt-pt\/week\/casablanca-desembarca-en-ibiza-la-pop-up-de-moda-mas-house-del-verano\/","title":{"rendered":"Casablanca desembarca en Ibiza: la pop-up de moda m\u00e1s &#8220;house&#8221; del verano"},"content":{"rendered":"\n<h2 id=\"h-la-pop-up-mas-house-de-ibiza\" class=\"wp-block-heading\"><em>La pop-up m\u00e1s house de Ibiza<\/em>.<\/h2>\n\n\n\n<p class=\"wp-block-paragraph\">Si hay una firma que ha entendido que la moda y la m\u00fasica de club hablan el mismo idioma, es <strong><a href=\"https:\/\/casablancaparis.com\/en-us\/blogs\/casa-world\/bless-ibiza-x-casablanca\" data-type=\"link\" data-id=\"https:\/\/casablancaparis.com\/en-us\/blogs\/casa-world\/bless-ibiza-x-casablanca\" target=\"_blank\" rel=\"noreferrer noopener\">Casablanca<\/a><\/strong>. La marca francesa de lujo fundada por <strong>Charaf Tajer<\/strong> \u2014esa de las camisas de seda con estampados de para\u00edsos imposibles que se han convertido en uniforme de la nueva escena\u2014 refuerza su apuesta por Ibiza este verano con una <strong>pop-up store<\/strong> en <strong>The Site Ibiza<\/strong>, el hub lifestyle que integra los hoteles Bless Ibiza y Villa Mercedes (el mismo complejo donde Dani Garc\u00eda ha abierto Lobito de Mar).<\/p>\n\n\n\n<p class=\"wp-block-paragraph\">La c\u00e1psula que se puede comprar aqu\u00ed no es casualidad: bautizada <strong>&#8220;For The Love of House&#8221;<\/strong>, est\u00e1 inspirada directamente en los or\u00edgenes y el legado cultural de la <strong>m\u00fasica house<\/strong>, con colores vibrantes, siluetas relajadas y gui\u00f1os al universo deportivo que son marca de la casa. Un homenaje textil a la cultura de club, expuesto en la isla que la vio nacer: pocas cosas m\u00e1s redondas.<\/p>\n\n\n\n<p class=\"wp-block-paragraph\">Es, adem\u00e1s, la segunda activaci\u00f3n de Casablanca en Ibiza este verano (antes anunci\u00f3 una residencia en el Six Senses), lo que confirma la obsesi\u00f3n de la firma por la isla. Estar\u00e1 abierta <strong>hasta octubre<\/strong>, as\u00ed que hay margen, pero para los amantes de la moda con alma de pista es parada obligada entre sesi\u00f3n y sesi\u00f3n. Porque en Ibiza, este verano, hasta ir de compras suena a house.<\/p>\n\n\n\n<figure class=\"wp-block-gallery has-nested-images columns-default is-cropped wp-block-gallery-1 is-layout-flex wp-block-gallery-is-layout-flex\">\n<figure class=\"wp-block-image size-large\"><img decoding=\"async\" width=\"686\" height=\"860\" data-id=\"592725\" src=\"https:\/\/highxtar.com\/wp-content\/uploads\/2026\/08\/Highxtar-WOC_3_Images_Mobile_1_5.webp\" alt=\"\" class=\"wp-image-592725\" srcset=\"https:\/\/highxtar.com\/wp-content\/uploads\/2026\/08\/Highxtar-WOC_3_Images_Mobile_1_5.webp 686w, https:\/\/highxtar.com\/wp-content\/uploads\/2026\/08\/Highxtar-WOC_3_Images_Mobile_1_5-239x300.webp 239w, https:\/\/highxtar.com\/wp-content\/uploads\/2026\/08\/Highxtar-WOC_3_Images_Mobile_1_5-508x637.webp 508w\" sizes=\"(max-width: 686px) 100vw, 686px\" \/><\/figure>\n\n\n\n<figure class=\"wp-block-image size-large\"><img decoding=\"async\" width=\"686\" height=\"860\" data-id=\"592727\" src=\"https:\/\/highxtar.com\/wp-content\/uploads\/2026\/08\/Highxtar-WOC_3_Images_Mobile_2_9.webp\" alt=\"\" class=\"wp-image-592727\" srcset=\"https:\/\/highxtar.com\/wp-content\/uploads\/2026\/08\/Highxtar-WOC_3_Images_Mobile_2_9.webp 686w, https:\/\/highxtar.com\/wp-content\/uploads\/2026\/08\/Highxtar-WOC_3_Images_Mobile_2_9-239x300.webp 239w, https:\/\/highxtar.com\/wp-content\/uploads\/2026\/08\/Highxtar-WOC_3_Images_Mobile_2_9-508x637.webp 508w\" sizes=\"(max-width: 686px) 100vw, 686px\" \/><\/figure>\n\n\n\n<figure class=\"wp-block-image size-large\"><img decoding=\"async\" width=\"686\" height=\"860\" data-id=\"592724\" src=\"https:\/\/highxtar.com\/wp-content\/uploads\/2026\/08\/Highxtar-WOC_3_Images_Mobile_3_10.webp\" alt=\"\" class=\"wp-image-592724\" srcset=\"https:\/\/highxtar.com\/wp-content\/uploads\/2026\/08\/Highxtar-WOC_3_Images_Mobile_3_10.webp 686w, https:\/\/highxtar.com\/wp-content\/uploads\/2026\/08\/Highxtar-WOC_3_Images_Mobile_3_10-239x300.webp 239w, https:\/\/highxtar.com\/wp-content\/uploads\/2026\/08\/Highxtar-WOC_3_Images_Mobile_3_10-508x637.webp 508w\" sizes=\"(max-width: 686px) 100vw, 686px\" \/><\/figure>\n<\/figure>\n","protected":false},"author":50,"featured_media":592721,"template":"","ciudad":[4673],"class_list":["post-592715","weekends","type-weekends","status-publish","has-post-thumbnail","hentry","ciudad-ibiza"],"acf":[],"yoast_head":"<!-- This site is optimized with the Yoast SEO Premium plugin  - https:\/\/yoast.com\/product\/yoast-seo-premium-wordpress\/ -->\n<title>Casablanca desembarca en Ibiza: la pop-up de moda m\u00e1s &quot;house&quot; del verano - HIGHXTAR.<\/title>\n<meta name=\"description\" content=\"La firma francesa Casablanca instala en Ibiza una tienda ef\u00edmera dedicada al house: prendas de lujo con alma de club en The Site Ibiza, hasta octubre.\" \/>\n<meta name=\"robots\" content=\"index, follow, max-snippet:-1, max-image-preview:large, max-video-preview:-1\" \/>\n<link rel=\"canonical\" href=\"https:\/\/highxtar.com\/week\/casablanca-desembarca-en-ibiza-la-pop-up-de-moda-mas-house-del-verano\/\" \/>\n<meta property=\"og:locale\" content=\"pt_PT\" \/>\n<meta property=\"og:type\" content=\"article\" \/>\n<meta property=\"og:title\" content=\"Casablanca desembarca en Ibiza: la pop-up de moda m\u00e1s &quot;house&quot; del verano\" \/>\n<meta property=\"og:description\" content=\"La firma francesa Casablanca instala en Ibiza una tienda ef\u00edmera dedicada al house: prendas de lujo con alma de club en The Site Ibiza, hasta octubre.\" \/>\n<meta property=\"og:url\" content=\"https:\/\/highxtar.com\/week\/casablanca-desembarca-en-ibiza-la-pop-up-de-moda-mas-house-del-verano\/\" \/>\n<meta property=\"og:site_name\" content=\"HIGHXTAR.\" \/>\n<meta property=\"article:publisher\" content=\"https:\/\/www.facebook.com\/highxtar\" \/>\n<meta property=\"article:modified_time\" content=\"2026-09-03T10:42:18+00:00\" \/>\n<meta property=\"og:image\" content=\"https:\/\/highxtar.com\/wp-content\/uploads\/2026\/08\/Thumb-casablanca-ibiza.png\" \/>\n\t<meta property=\"og:image:width\" content=\"800\" \/>\n\t<meta property=\"og:image:height\" content=\"600\" \/>\n\t<meta property=\"og:image:type\" content=\"image\/png\" \/>\n<meta name=\"twitter:card\" content=\"summary_large_image\" \/>\n<meta name=\"twitter:site\" content=\"@highxtar_\" \/>\n<meta name=\"twitter:label1\" content=\"Tempo estimado de leitura\" \/>\n\t<meta name=\"twitter:data1\" content=\"2 minutos\" \/>\n<script type=\"application\/ld+json\" class=\"yoast-schema-graph\">{\"@context\":\"https:\\\/\\\/schema.org\",\"@graph\":[{\"@type\":\"WebPage\",\"@id\":\"https:\\\/\\\/highxtar.com\\\/week\\\/casablanca-desembarca-en-ibiza-la-pop-up-de-moda-mas-house-del-verano\\\/\",\"url\":\"https:\\\/\\\/highxtar.com\\\/week\\\/casablanca-desembarca-en-ibiza-la-pop-up-de-moda-mas-house-del-verano\\\/\",\"name\":\"Casablanca desembarca en Ibiza: la pop-up de moda m\u00e1s \\\"house\\\" del verano - HIGHXTAR.\",\"isPartOf\":{\"@id\":\"https:\\\/\\\/highxtar.com\\\/#website\"},\"primaryImageOfPage\":{\"@id\":\"https:\\\/\\\/highxtar.com\\\/week\\\/casablanca-desembarca-en-ibiza-la-pop-up-de-moda-mas-house-del-verano\\\/#primaryimage\"},\"image\":{\"@id\":\"https:\\\/\\\/highxtar.com\\\/week\\\/casablanca-desembarca-en-ibiza-la-pop-up-de-moda-mas-house-del-verano\\\/#primaryimage\"},\"thumbnailUrl\":\"https:\\\/\\\/highxtar.com\\\/wp-content\\\/uploads\\\/2026\\\/08\\\/Thumb-casablanca-ibiza.png\",\"datePublished\":\"2026-08-19T11:17:01+00:00\",\"dateModified\":\"2026-09-03T10:42:18+00:00\",\"description\":\"La firma francesa Casablanca instala en Ibiza una tienda ef\u00edmera dedicada al house: prendas de lujo con alma de club en The Site Ibiza, hasta octubre.\",\"breadcrumb\":{\"@id\":\"https:\\\/\\\/highxtar.com\\\/week\\\/casablanca-desembarca-en-ibiza-la-pop-up-de-moda-mas-house-del-verano\\\/#breadcrumb\"},\"inLanguage\":\"pt-PT\",\"potentialAction\":[{\"@type\":\"ReadAction\",\"target\":[\"https:\\\/\\\/highxtar.com\\\/week\\\/casablanca-desembarca-en-ibiza-la-pop-up-de-moda-mas-house-del-verano\\\/\"]}]},{\"@type\":\"ImageObject\",\"inLanguage\":\"pt-PT\",\"@id\":\"https:\\\/\\\/highxtar.com\\\/week\\\/casablanca-desembarca-en-ibiza-la-pop-up-de-moda-mas-house-del-verano\\\/#primaryimage\",\"url\":\"https:\\\/\\\/highxtar.com\\\/wp-content\\\/uploads\\\/2026\\\/08\\\/Thumb-casablanca-ibiza.png\",\"contentUrl\":\"https:\\\/\\\/highxtar.com\\\/wp-content\\\/uploads\\\/2026\\\/08\\\/Thumb-casablanca-ibiza.png\",\"width\":800,\"height\":600},{\"@type\":\"BreadcrumbList\",\"@id\":\"https:\\\/\\\/highxtar.com\\\/week\\\/casablanca-desembarca-en-ibiza-la-pop-up-de-moda-mas-house-del-verano\\\/#breadcrumb\",\"itemListElement\":[{\"@type\":\"ListItem\",\"position\":1,\"name\":\"Home\",\"item\":\"https:\\\/\\\/highxtar.com\\\/pt-pt\\\/\"},{\"@type\":\"ListItem\",\"position\":2,\"name\":\"Weekends\",\"item\":\"https:\\\/\\\/highxtar.com\\\/weekends\\\/\"},{\"@type\":\"ListItem\",\"position\":3,\"name\":\"Casablanca desembarca en Ibiza: la pop-up de moda m\u00e1s \u00abhouse\u00bb del verano\"}]},{\"@type\":\"WebSite\",\"@id\":\"https:\\\/\\\/highxtar.com\\\/#website\",\"url\":\"https:\\\/\\\/highxtar.com\\\/\",\"name\":\"HIGHXTAR.\",\"description\":\"HIGHXTAR. es la voz latina de la moda y el streetwear. Devotos de las cosas que hacen la vida urbana excitante: Moda, M\u00fasica, Lifestyle, Arte &amp; Dise\u00f1o.\",\"publisher\":{\"@id\":\"https:\\\/\\\/highxtar.com\\\/#organization\"},\"potentialAction\":[{\"@type\":\"SearchAction\",\"target\":{\"@type\":\"EntryPoint\",\"urlTemplate\":\"https:\\\/\\\/highxtar.com\\\/?s={search_term_string}\"},\"query-input\":{\"@type\":\"PropertyValueSpecification\",\"valueRequired\":true,\"valueName\":\"search_term_string\"}}],\"inLanguage\":\"pt-PT\"},{\"@type\":\"Organization\",\"@id\":\"https:\\\/\\\/highxtar.com\\\/#organization\",\"name\":\"HIGHXTAR.\",\"url\":\"https:\\\/\\\/highxtar.com\\\/\",\"logo\":{\"@type\":\"ImageObject\",\"inLanguage\":\"pt-PT\",\"@id\":\"https:\\\/\\\/highxtar.com\\\/#\\\/schema\\\/logo\\\/image\\\/\",\"url\":\"https:\\\/\\\/highxtar.com\\\/wp-content\\\/uploads\\\/2016\\\/03\\\/HIGHXTAR_com_Favicon_2019.jpg\",\"contentUrl\":\"https:\\\/\\\/highxtar.com\\\/wp-content\\\/uploads\\\/2016\\\/03\\\/HIGHXTAR_com_Favicon_2019.jpg\",\"width\":1200,\"height\":1200,\"caption\":\"HIGHXTAR.\"},\"image\":{\"@id\":\"https:\\\/\\\/highxtar.com\\\/#\\\/schema\\\/logo\\\/image\\\/\"},\"sameAs\":[\"https:\\\/\\\/www.facebook.com\\\/highxtar\",\"https:\\\/\\\/x.com\\\/highxtar_\",\"https:\\\/\\\/www.instagram.com\\\/highxtar\",\"https:\\\/\\\/www.tiktok.com\\\/@highxtar\",\"https:\\\/\\\/www.youtube.com\\\/c\\\/highxtarofficial\",\"https:\\\/\\\/open.spotify.com\\\/user\\\/highxtar\"]}]}<\/script>\n<!-- \/ Yoast SEO Premium plugin. -->","yoast_head_json":{"title":"Casablanca desembarca en Ibiza: la pop-up de moda m\u00e1s \"house\" del verano - HIGHXTAR.","description":"La firma francesa Casablanca instala en Ibiza una tienda ef\u00edmera dedicada al house: prendas de lujo con alma de club en The Site Ibiza, hasta octubre.","robots":{"index":"index","follow":"follow","max-snippet":"max-snippet:-1","max-image-preview":"max-image-preview:large","max-video-preview":"max-video-preview:-1"},"canonical":"https:\/\/highxtar.com\/week\/casablanca-desembarca-en-ibiza-la-pop-up-de-moda-mas-house-del-verano\/","og_locale":"pt_PT","og_type":"article","og_title":"Casablanca desembarca en Ibiza: la pop-up de moda m\u00e1s \"house\" del verano","og_description":"La firma francesa Casablanca instala en Ibiza una tienda ef\u00edmera dedicada al house: prendas de lujo con alma de club en The Site Ibiza, hasta octubre.","og_url":"https:\/\/highxtar.com\/week\/casablanca-desembarca-en-ibiza-la-pop-up-de-moda-mas-house-del-verano\/","og_site_name":"HIGHXTAR.","article_publisher":"https:\/\/www.facebook.com\/highxtar","article_modified_time":"2026-09-03T10:42:18+00:00","og_image":[{"width":800,"height":600,"url":"https:\/\/highxtar.com\/wp-content\/uploads\/2026\/08\/Thumb-casablanca-ibiza.png","type":"image\/png"}],"twitter_card":"summary_large_image","twitter_site":"@highxtar_","twitter_misc":{"Tempo estimado de leitura":"2 minutos"},"schema":{"@context":"https:\/\/schema.org","@graph":[{"@type":"WebPage","@id":"https:\/\/highxtar.com\/week\/casablanca-desembarca-en-ibiza-la-pop-up-de-moda-mas-house-del-verano\/","url":"https:\/\/highxtar.com\/week\/casablanca-desembarca-en-ibiza-la-pop-up-de-moda-mas-house-del-verano\/","name":"Casablanca desembarca en Ibiza: la pop-up de moda m\u00e1s \"house\" del verano - HIGHXTAR.","isPartOf":{"@id":"https:\/\/highxtar.com\/#website"},"primaryImageOfPage":{"@id":"https:\/\/highxtar.com\/week\/casablanca-desembarca-en-ibiza-la-pop-up-de-moda-mas-house-del-verano\/#primaryimage"},"image":{"@id":"https:\/\/highxtar.com\/week\/casablanca-desembarca-en-ibiza-la-pop-up-de-moda-mas-house-del-verano\/#primaryimage"},"thumbnailUrl":"https:\/\/highxtar.com\/wp-content\/uploads\/2026\/08\/Thumb-casablanca-ibiza.png","datePublished":"2026-08-19T11:17:01+00:00","dateModified":"2026-09-03T10:42:18+00:00","description":"La firma francesa Casablanca instala en Ibiza una tienda ef\u00edmera dedicada al house: prendas de lujo con alma de club en The Site Ibiza, hasta octubre.","breadcrumb":{"@id":"https:\/\/highxtar.com\/week\/casablanca-desembarca-en-ibiza-la-pop-up-de-moda-mas-house-del-verano\/#breadcrumb"},"inLanguage":"pt-PT","potentialAction":[{"@type":"ReadAction","target":["https:\/\/highxtar.com\/week\/casablanca-desembarca-en-ibiza-la-pop-up-de-moda-mas-house-del-verano\/"]}]},{"@type":"ImageObject","inLanguage":"pt-PT","@id":"https:\/\/highxtar.com\/week\/casablanca-desembarca-en-ibiza-la-pop-up-de-moda-mas-house-del-verano\/#primaryimage","url":"https:\/\/highxtar.com\/wp-content\/uploads\/2026\/08\/Thumb-casablanca-ibiza.png","contentUrl":"https:\/\/highxtar.com\/wp-content\/uploads\/2026\/08\/Thumb-casablanca-ibiza.png","width":800,"height":600},{"@type":"BreadcrumbList","@id":"https:\/\/highxtar.com\/week\/casablanca-desembarca-en-ibiza-la-pop-up-de-moda-mas-house-del-verano\/#breadcrumb","itemListElement":[{"@type":"ListItem","position":1,"name":"Home","item":"https:\/\/highxtar.com\/pt-pt\/"},{"@type":"ListItem","position":2,"name":"Weekends","item":"https:\/\/highxtar.com\/weekends\/"},{"@type":"ListItem","position":3,"name":"Casablanca desembarca en Ibiza: la pop-up de moda m\u00e1s \u00abhouse\u00bb del verano"}]},{"@type":"WebSite","@id":"https:\/\/highxtar.com\/#website","url":"https:\/\/highxtar.com\/","name":"HIGHXTAR.","description":"HIGHXTAR. es la voz latina de la moda y el streetwear. Devotos de las cosas que hacen la vida urbana excitante: Moda, M\u00fasica, Lifestyle, Arte &amp; Dise\u00f1o.","publisher":{"@id":"https:\/\/highxtar.com\/#organization"},"potentialAction":[{"@type":"SearchAction","target":{"@type":"EntryPoint","urlTemplate":"https:\/\/highxtar.com\/?s={search_term_string}"},"query-input":{"@type":"PropertyValueSpecification","valueRequired":true,"valueName":"search_term_string"}}],"inLanguage":"pt-PT"},{"@type":"Organization","@id":"https:\/\/highxtar.com\/#organization","name":"HIGHXTAR.","url":"https:\/\/highxtar.com\/","logo":{"@type":"ImageObject","inLanguage":"pt-PT","@id":"https:\/\/highxtar.com\/#\/schema\/logo\/image\/","url":"https:\/\/highxtar.com\/wp-content\/uploads\/2016\/03\/HIGHXTAR_com_Favicon_2019.jpg","contentUrl":"https:\/\/highxtar.com\/wp-content\/uploads\/2016\/03\/HIGHXTAR_com_Favicon_2019.jpg","width":1200,"height":1200,"caption":"HIGHXTAR."},"image":{"@id":"https:\/\/highxtar.com\/#\/schema\/logo\/image\/"},"sameAs":["https:\/\/www.facebook.com\/highxtar","https:\/\/x.com\/highxtar_","https:\/\/www.instagram.com\/highxtar","https:\/\/www.tiktok.com\/@highxtar","https:\/\/www.youtube.com\/c\/highxtarofficial","https:\/\/open.spotify.com\/user\/highxtar"]}]}},"_links":{"self":[{"href":"https:\/\/highxtar.com\/pt-pt\/wp-json\/wp\/v2\/weekends\/592715","targetHints":{"allow":["GET"]}}],"collection":[{"href":"https:\/\/highxtar.com\/pt-pt\/wp-json\/wp\/v2\/weekends"}],"about":[{"href":"https:\/\/highxtar.com\/pt-pt\/wp-json\/wp\/v2\/types\/weekends"}],"author":[{"embeddable":true,"href":"https:\/\/highxtar.com\/pt-pt\/wp-json\/wp\/v2\/users\/50"}],"version-history":[{"count":1,"href":"https:\/\/highxtar.com\/pt-pt\/wp-json\/wp\/v2\/weekends\/592715\/revisions"}],"predecessor-version":[{"id":592733,"href":"https:\/\/highxtar.com\/pt-pt\/wp-json\/wp\/v2\/weekends\/592715\/revisions\/592733"}],"wp:featuredmedia":[{"embeddable":true,"href":"https:\/\/highxtar.com\/pt-pt\/wp-json\/wp\/v2\/media\/592721"}],"wp:attachment":[{"href":"https:\/\/highxtar.com\/pt-pt\/wp-json\/wp\/v2\/media?parent=592715"}],"wp:term":[{"taxonomy":"ciudad","embeddable":true,"href":"https:\/\/highxtar.com\/pt-pt\/wp-json\/wp\/v2\/ciudad?post=592715"}],"curies":[{"name":"wp","href":"https:\/\/api.w.org\/{rel}","templated":true}]}}